{"id":4687,"date":"2016-03-02T13:13:32","date_gmt":"2016-03-02T12:13:32","guid":{"rendered":"http:\/\/resista-ulmen.com\/ricerca\/geschichte-der-ulme\/"},"modified":"2018-01-28T11:06:27","modified_gmt":"2018-01-28T10:06:27","slug":"storia-degli-olmi","status":"publish","type":"page","link":"https:\/\/resista-ulmen.com\/it\/ricerca\/storia-degli-olmi\/","title":{"rendered":"Storia degli olmi"},"content":{"rendered":"<h1 style=\"text-align: center;\">Un albero oggetto di culto sempre pi\u00f9 raro<\/h1>\n<p>&nbsp;<\/p>\n<div class=\"cols-wrapper cols-2\">\n<div class=\"col\">\n<p>La variegata storia culturale degli olmi in Europa risale fino ai tempi pi\u00f9 antichi: famoso l&#8217;olmo sacro di Efeso e nell&#8217;Edda si trovano un olmo e un frassino a simboleggiare la figura dell&#8217;uomo e quella della donna. Ma anche il suo pregiato legno e il suo fogliame sono stati sempre di grande importanza per l&#8217;uomo e l&#8217;economia. Infatti \u00e8 paradossale che questa variet\u00e0 di albero debba oggi lottare per la sua sopravvivenza. Se si osservano gli alberi che ci circondano colpiti dalla grafiosi dell&#8217;olmo, il quadro \u00e8 piuttosto desolante. Tutta l&#8217;Europa e l&#8217;America del Nord sono colpiti da questo problema.<\/p>\n<\/div>\n<div class=\"col\">\n<p>Dove prima splendidi esemplari contribuivano ad abbellire e ornamentare il cuore delle citt\u00e0, oggi viali interi sono vittime di questo flagello. L&#8217;unica soluzione al momento possibile \u00e8 di piantare nuovi alberi di variet\u00e0 di olmi estremamente resistenti al fungo patogeno, per far risplendere in tutta la sua bellezza l&#8217;albero cos\u00ec ricco di tradizioni.<\/p>\n<\/div>\n<\/div>\n<div class=\"quick-gallery\"><div class=\"qg-img qg-no-title\" data-defwidth=\"383\"><a href=\"https:\/\/resista-ulmen.com\/wp-content\/uploads\/4_4_1_pict_Geschichte_der_Ulme_1.jpg\" data-rel=\"lightbox[group-46871]\" title=\"\" ><img decoding=\"async\" src=\"https:\/\/resista-ulmen.com\/wp-content\/uploads\/4_4_1_pict_Geschichte_der_Ulme_1-383x250.jpg\" alt=\"\"\/><div class=\"qg-overlay\"><span class=\"icon-circle\"><span class=\"pg-icon lightbox-icon\"><\/span><\/span><\/div><\/a><\/div><div class=\"qg-img qg-no-title\" data-defwidth=\"383\"><a href=\"https:\/\/resista-ulmen.com\/wp-content\/uploads\/4_4_1_pict_Geschichte_der_Ulme_2.jpg\" data-rel=\"lightbox[group-46871]\" title=\"\" ><img decoding=\"async\" src=\"https:\/\/resista-ulmen.com\/wp-content\/uploads\/4_4_1_pict_Geschichte_der_Ulme_2-383x250.jpg\" alt=\"\"\/><div class=\"qg-overlay\"><span class=\"icon-circle\"><span class=\"pg-icon lightbox-icon\"><\/span><\/span><\/div><\/a><\/div><div class=\"qg-img qg-no-title\" data-defwidth=\"383\"><a href=\"https:\/\/resista-ulmen.com\/wp-content\/uploads\/4_4_1_pict_Geschichte_der_Ulme_3.jpg\" data-rel=\"lightbox[group-46871]\" title=\"\" ><img decoding=\"async\" src=\"https:\/\/resista-ulmen.com\/wp-content\/uploads\/4_4_1_pict_Geschichte_der_Ulme_3-383x250.jpg\" alt=\"\"\/><div class=\"qg-overlay\"><span class=\"icon-circle\"><span class=\"pg-icon lightbox-icon\"><\/span><\/span><\/div><\/a><\/div><div class=\"clear\"><\/div><\/div>\n","protected":false},"excerpt":{"rendered":"<p>Un albero oggetto di culto sempre pi\u00f9 raro &nbsp; La variegata storia culturale degli olmi in Europa risale fino ai [&hellip;]<\/p>\n","protected":false},"author":1,"featured_media":0,"parent":4683,"menu_order":61,"comment_status":"closed","ping_status":"closed","template":"template-full-custom.php","meta":{"footnotes":""},"class_list":["post-4687","page","type-page","status-publish","hentry"],"_links":{"self":[{"href":"https:\/\/resista-ulmen.com\/it\/wp-json\/wp\/v2\/pages\/4687","targetHints":{"allow":["GET"]}}],"collection":[{"href":"https:\/\/resista-ulmen.com\/it\/wp-json\/wp\/v2\/pages"}],"about":[{"href":"https:\/\/resista-ulmen.com\/it\/wp-json\/wp\/v2\/types\/page"}],"author":[{"embeddable":true,"href":"https:\/\/resista-ulmen.com\/it\/wp-json\/wp\/v2\/users\/1"}],"replies":[{"embeddable":true,"href":"https:\/\/resista-ulmen.com\/it\/wp-json\/wp\/v2\/comments?post=4687"}],"version-history":[{"count":0,"href":"https:\/\/resista-ulmen.com\/it\/wp-json\/wp\/v2\/pages\/4687\/revisions"}],"up":[{"embeddable":true,"href":"https:\/\/resista-ulmen.com\/it\/wp-json\/wp\/v2\/pages\/4683"}],"wp:attachment":[{"href":"https:\/\/resista-ulmen.com\/it\/wp-json\/wp\/v2\/media?parent=4687"}],"curies":[{"name":"wp","href":"https:\/\/api.w.org\/{rel}","templated":true}]}}